{"id":5500,"date":"2025-06-09T16:10:00","date_gmt":"2025-06-09T15:10:00","guid":{"rendered":"https:\/\/atelier-lecrinducuir.com\/home\/?page_id=5500"},"modified":"2025-08-18T10:22:41","modified_gmt":"2025-08-18T09:22:41","slug":"elementor-5500","status":"publish","type":"page","link":"https:\/\/atelier-lecrinducuir.com\/home\/elementor-5500\/","title":{"rendered":"L&rsquo;accompagnement en Saddle Fitting"},"content":{"rendered":"\n<p><style>\/*! elementor - v3.12.2 - 23-04-2023 *\/<br \/>\n.elementor-widget-image{text-align:center}.elementor-widget-image a{display:inline-block}.elementor-widget-image a img[src$=\".svg\"]{width:48px}.elementor-widget-image img{vertical-align:middle;display:inline-block}<\/style><\/p>\n\n\n\n<figure class=\"wp-block-image alignfull is-style-default\"><img fetchpriority=\"high\" decoding=\"async\" width=\"1536\" height=\"1229\" src=\"https:\/\/atelier-lecrinducuir.com\/wp-content\/uploads\/2025\/06\/Design-sans-titre-4-1536x1229-1.png\" alt=\"\" class=\"wp-image-5767\" srcset=\"https:\/\/atelier-lecrinducuir.com\/wp-content\/uploads\/2025\/06\/Design-sans-titre-4-1536x1229-1.png 1536w, https:\/\/atelier-lecrinducuir.com\/wp-content\/uploads\/2025\/06\/Design-sans-titre-4-1536x1229-1-300x240.png 300w, https:\/\/atelier-lecrinducuir.com\/wp-content\/uploads\/2025\/06\/Design-sans-titre-4-1536x1229-1-1024x819.png 1024w, https:\/\/atelier-lecrinducuir.com\/wp-content\/uploads\/2025\/06\/Design-sans-titre-4-1536x1229-1-768x615.png 768w\" sizes=\"(max-width: 1536px) 100vw, 1536px\" \/><\/figure>\n\n\n\n<div class=\"wp-block-cover alignfull is-light\" style=\"padding-top:var(--wp--preset--spacing--20);padding-bottom:var(--wp--preset--spacing--20);min-height:180px;aspect-ratio:unset;\"><span aria-hidden=\"true\" class=\"wp-block-cover__background has-background-dim-100 has-background-dim\" style=\"background-color:#d8a17a\"><\/span><div class=\"wp-block-cover__inner-container is-layout-constrained wp-block-cover-is-layout-constrained\">\n<h4 class=\"wp-block-heading has-text-align-center\">D\u00e9partements desservis H\u00e9rault (34), Aude(11), Pyr\u00e9n\u00e9es Orientales (66) \u00e0 maximum 1h30 de route de Lespignan (34710)<\/h4>\n\n\n\n<h4 class=\"wp-block-heading has-text-align-center\">Disponible aussi dans d&rsquo;autres r\u00e9gions si plusieurs personnes dans le m\u00eame secteur.<\/h4>\n<\/div><\/div>\n\n\n\n<div class=\"wp-block-media-text alignfull is-stacked-on-mobile has-background\" style=\"background-color:#f3d9b4\"><figure class=\"wp-block-media-text__media\"><img decoding=\"async\" width=\"1024\" height=\"819\" src=\"https:\/\/atelier-lecrinducuir.com\/wp-content\/uploads\/2025\/05\/Imaginez.-Etre-pris-par-la-main-pendant-un-an-Monter-avec-la-certitude-que-votre-cheval-est-confortable-Savoir-si-votre-selle-est-modifiable-Pouvoir-realiser-certains-ajustements-en-toute-2-1024x819.jpg\" alt=\"\" class=\"wp-image-5616 size-full\" srcset=\"https:\/\/atelier-lecrinducuir.com\/wp-content\/uploads\/2025\/05\/Imaginez.-Etre-pris-par-la-main-pendant-un-an-Monter-avec-la-certitude-que-votre-cheval-est-confortable-Savoir-si-votre-selle-est-modifiable-Pouvoir-realiser-certains-ajustements-en-toute-2-1024x819.jpg 1024w, https:\/\/atelier-lecrinducuir.com\/wp-content\/uploads\/2025\/05\/Imaginez.-Etre-pris-par-la-main-pendant-un-an-Monter-avec-la-certitude-que-votre-cheval-est-confortable-Savoir-si-votre-selle-est-modifiable-Pouvoir-realiser-certains-ajustements-en-toute-2-300x240.jpg 300w, https:\/\/atelier-lecrinducuir.com\/wp-content\/uploads\/2025\/05\/Imaginez.-Etre-pris-par-la-main-pendant-un-an-Monter-avec-la-certitude-que-votre-cheval-est-confortable-Savoir-si-votre-selle-est-modifiable-Pouvoir-realiser-certains-ajustements-en-toute-2-768x614.jpg 768w, https:\/\/atelier-lecrinducuir.com\/wp-content\/uploads\/2025\/05\/Imaginez.-Etre-pris-par-la-main-pendant-un-an-Monter-avec-la-certitude-que-votre-cheval-est-confortable-Savoir-si-votre-selle-est-modifiable-Pouvoir-realiser-certains-ajustements-en-toute-2-1536x1229.jpg 1536w, https:\/\/atelier-lecrinducuir.com\/wp-content\/uploads\/2025\/05\/Imaginez.-Etre-pris-par-la-main-pendant-un-an-Monter-avec-la-certitude-que-votre-cheval-est-confortable-Savoir-si-votre-selle-est-modifiable-Pouvoir-realiser-certains-ajustements-en-toute-2.jpg 2000w\" sizes=\"(max-width: 1024px) 100vw, 1024px\" \/><\/figure><div class=\"wp-block-media-text__content\">\n<h4 class=\"wp-block-heading\">En tant que propri\u00e9taire d&rsquo;un ou plusieurs \u00e9quid\u00e9s. Leur bien \u00eatre est votre priorit\u00e9 et vous souhaitez s\u00fbrement :<\/h4>\n\n\n\n<ul class=\"wp-block-list\">\n<li>Etre autonome dans le suivi de l\u2019\u00e9volution de votre monture<\/li>\n\n\n\n<li>Savoir modifier vous m\u00eame votre selle ou adapter votre mat\u00e9riel quand c&rsquo;est possible<\/li>\n\n\n\n<li>Eviter des achats inutiles pour trouver enfin le mat\u00e9riel adapt\u00e9 \u00e0 votre couple<\/li>\n\n\n\n<li>Savoir quand appeler votre saddle fitter ou les autres professionnels de sant\u00e9\/bien-\u00eatre<\/li>\n<\/ul>\n\n\n\n<h4 class=\"wp-block-heading\">Vous aspirez \u00e0 une relation harmonieuse avec votre cheval, bas\u00e9e sur le respect. Mais vous vous posez peut-\u00eatre encore ces questions :<\/h4>\n\n\n\n<ul class=\"wp-block-list\">\n<li>Ma selle est-elle modifiable ?<\/li>\n\n\n\n<li>Ma selle est-elle vraiment adapt\u00e9e ?<\/li>\n\n\n\n<li>Mon mat\u00e9riel actuel provoque t&rsquo;il des douleurs \u00e0 mon cheval ?<\/li>\n\n\n\n<li>Je suis perdu, je ne sais pas quel mat\u00e9riel acheter ?<\/li>\n\n\n\n<li>Mon cheval est jeune, pourrais-je garder mon mat\u00e9riel plusieurs ann\u00e9es m\u00eame avec ses changements de morphologie&nbsp;?<\/li>\n\n\n\n<li>Si mon cheval perd de l&rsquo;\u00e9tat et\/ou sort d&rsquo;une longue convalescence, dois-je changer de mat\u00e9riel&nbsp;?<\/li>\n\n\n\n<li>Quand est-il n\u00e9cessaire de consulter un saddle fitter&nbsp;?<\/li>\n<\/ul>\n<\/div><\/div>\n\n\n\n<div class=\"wp-block-cover alignfull is-light has-parallax\" style=\"padding-top:var(--wp--preset--spacing--60);padding-bottom:var(--wp--preset--spacing--60);min-height:1006px;aspect-ratio:unset;\"><span aria-hidden=\"true\" class=\"wp-block-cover__background has-background-dim-60 has-background-dim\" style=\"background-color:#d8a17a\"><\/span><div class=\"wp-block-cover__image-background wp-image-5617 has-parallax\" style=\"background-position:50% 50%;background-image:url(https:\/\/atelier-lecrinducuir.com\/wp-content\/uploads\/2025\/05\/Imaginez.-Etre-pris-par-la-main-pendant-un-an-Monter-avec-la-certitude-que-votre-cheval-est-confortable-Savoir-si-votre-selle-est-modifiable-Pouvoir-realiser-certains-ajustements-en-toute-3.jpg)\"><\/div><div class=\"wp-block-cover__inner-container is-layout-constrained wp-block-cover-is-layout-constrained\">\n<h4 class=\"wp-block-heading has-text-align-left\">En tant que propri\u00e9taire, on est souvent curieux, <\/h4>\n\n\n\n<h4 class=\"wp-block-heading has-text-align-left\">mais perdus dans l&rsquo;univers complexe du mat\u00e9riel \u00e9questre, <\/h4>\n\n\n\n<h4 class=\"wp-block-heading has-text-align-left\">on navigue entre les discours contradictoires sur l&rsquo;ergonomie du mat\u00e9riel, <\/h4>\n\n\n\n<h4 class=\"wp-block-heading has-text-align-left\">on accumule des erreurs d&rsquo;achat et on prend parfois en charge trop tardivement les probl\u00e8mes de sa monture.                              <\/h4>\n\n\n\n<p>.<\/p>\n\n\n\n<p><\/p>\n\n\n\n<h4 class=\"wp-block-heading has-text-align-right\">Et on cherche des outils et des connaissances indispensables <\/h4>\n\n\n\n<h4 class=\"wp-block-heading has-text-align-right\">\u00e0 l&rsquo;observation de son cheval pour devenir acteur du confort dans sa pratique de l&rsquo;\u00e9quitation. <\/h4>\n\n\n\n<h4 class=\"wp-block-heading has-text-align-right\">On cherche \u00e0 ne pas provoquer de douleurs chez son cheval. <\/h4>\n\n\n\n<h4 class=\"wp-block-heading has-text-align-right\">On cherche \u00e0 savoir ajuster son mat\u00e9riel ou quand faire appel \u00e0 un professionnel selon les cas.<\/h4>\n<\/div><\/div>\n\n\n\n<div class=\"wp-block-cover alignfull is-light\"><span aria-hidden=\"true\" class=\"wp-block-cover__background has-background-dim-0 has-background-dim\" style=\"background-color:#f3d9b4\"><\/span><img decoding=\"async\" width=\"2000\" height=\"1600\" class=\"wp-block-cover__image-background wp-image-5584\" alt=\"\" src=\"https:\/\/atelier-lecrinducuir.com\/wp-content\/uploads\/2025\/05\/Design-sans-titre-5.png\" data-object-fit=\"cover\" srcset=\"https:\/\/atelier-lecrinducuir.com\/wp-content\/uploads\/2025\/05\/Design-sans-titre-5.png 2000w, https:\/\/atelier-lecrinducuir.com\/wp-content\/uploads\/2025\/05\/Design-sans-titre-5-300x240.png 300w, https:\/\/atelier-lecrinducuir.com\/wp-content\/uploads\/2025\/05\/Design-sans-titre-5-1024x819.png 1024w, https:\/\/atelier-lecrinducuir.com\/wp-content\/uploads\/2025\/05\/Design-sans-titre-5-768x614.png 768w, https:\/\/atelier-lecrinducuir.com\/wp-content\/uploads\/2025\/05\/Design-sans-titre-5-1536x1229.png 1536w\" sizes=\"(max-width: 2000px) 100vw, 2000px\" \/><div class=\"wp-block-cover__inner-container is-layout-constrained wp-block-cover-is-layout-constrained\">\n<h3 class=\"wp-block-heading has-text-align-center has-large-font-size\">Imaginez&#8230;<\/h3>\n\n\n\n<ul class=\"wp-block-list\">\n<li>\u00catre pris par la main pendant un an&nbsp;;<\/li>\n\n\n\n<li>Monter avec la certitude que votre cheval est confortable&nbsp;;<\/li>\n\n\n\n<li>Savoir si votre selle est modifiable&nbsp;;<\/li>\n\n\n\n<li>Pouvoir r\u00e9aliser certains ajustements en toute autonomie sur votre selle ou savoir si vous devez appeler votre saddle fitter pour r\u00e9aliser une adaptation&nbsp;;<\/li>\n\n\n\n<li>Identifier vous-m\u00eame les signes d&rsquo;inconforts de votre cheval.<\/li>\n<\/ul>\n\n\n\n<p>Ce serait tellement simple si une selle pouvait convenir \u00e0 tous les chevaux et rester parfaite \u00e0 vie ! Mais chaque cheval \u00e9volue, chaque dos est unique, et nos propres postures influencent aussi l\u2019adaptation du mat\u00e9riel.<\/p>\n\n\n\n<p class=\"has-text-align-center\">Bienvenue dans ce programme vous permettant de <strong>d\u00e9l\u00e9guer le choix initial du mat\u00e9riel<\/strong> et surtout d\u2019apprendre <strong>\u00e0 observer, \u00e0 mesurer et \u00e0 ajuster<\/strong> au fil du temps. Ainsi, vous devenez pleinement ma\u00eetre du bien-\u00eatre de votre cheval.<\/p>\n<\/div><\/div>\n\n\n\n<div class=\"wp-block-media-text alignfull is-stacked-on-mobile has-background\" style=\"background-color:#d8a17a\"><figure class=\"wp-block-media-text__media\"><img loading=\"lazy\" decoding=\"async\" width=\"1024\" height=\"819\" src=\"https:\/\/atelier-lecrinducuir.com\/wp-content\/uploads\/2025\/05\/Imaginez.-Etre-pris-par-la-main-pendant-un-an-Monter-avec-la-certitude-que-votre-cheval-est-confortable-Savoir-si-votre-selle-est-modifiable-Pouvoir-realiser-certains-ajustements-en-toute-2-1024x819.png\" alt=\"\" class=\"wp-image-5618 size-full\" srcset=\"https:\/\/atelier-lecrinducuir.com\/wp-content\/uploads\/2025\/05\/Imaginez.-Etre-pris-par-la-main-pendant-un-an-Monter-avec-la-certitude-que-votre-cheval-est-confortable-Savoir-si-votre-selle-est-modifiable-Pouvoir-realiser-certains-ajustements-en-toute-2-1024x819.png 1024w, https:\/\/atelier-lecrinducuir.com\/wp-content\/uploads\/2025\/05\/Imaginez.-Etre-pris-par-la-main-pendant-un-an-Monter-avec-la-certitude-que-votre-cheval-est-confortable-Savoir-si-votre-selle-est-modifiable-Pouvoir-realiser-certains-ajustements-en-toute-2-300x240.png 300w, https:\/\/atelier-lecrinducuir.com\/wp-content\/uploads\/2025\/05\/Imaginez.-Etre-pris-par-la-main-pendant-un-an-Monter-avec-la-certitude-que-votre-cheval-est-confortable-Savoir-si-votre-selle-est-modifiable-Pouvoir-realiser-certains-ajustements-en-toute-2-768x614.png 768w, https:\/\/atelier-lecrinducuir.com\/wp-content\/uploads\/2025\/05\/Imaginez.-Etre-pris-par-la-main-pendant-un-an-Monter-avec-la-certitude-que-votre-cheval-est-confortable-Savoir-si-votre-selle-est-modifiable-Pouvoir-realiser-certains-ajustements-en-toute-2-1536x1229.png 1536w, https:\/\/atelier-lecrinducuir.com\/wp-content\/uploads\/2025\/05\/Imaginez.-Etre-pris-par-la-main-pendant-un-an-Monter-avec-la-certitude-que-votre-cheval-est-confortable-Savoir-si-votre-selle-est-modifiable-Pouvoir-realiser-certains-ajustements-en-toute-2.png 2000w\" sizes=\"(max-width: 1024px) 100vw, 1024px\" \/><\/figure><div class=\"wp-block-media-text__content\">\n<h2 class=\"wp-block-heading has-text-align-center has-large-font-size\">Les b\u00e9n\u00e9fices de cet accompagnement&nbsp;:<\/h2>\n\n\n\n<p><strong>L&rsquo;\u00e9coute et le conseil professionnel<\/strong> <strong>pour \u00eatre s\u00fbr d&rsquo;avoir du mat\u00e9riel adapt\u00e9 \u00e0 son couple<\/strong><\/p>\n\n\n\n<ul class=\"wp-block-list\">\n<li>Un cheval plus \u00e0 l&rsquo;aise, sans douleurs li\u00e9es \u00e0 un mat\u00e9riel inadapt\u00e9<\/li>\n\n\n\n<li>Un cavalier dont les sp\u00e9cificit\u00e9s ont \u00e9t\u00e9 prises en compte<\/li>\n<\/ul>\n\n\n\n<p><strong>Vous aider \u00e0 d\u00e9velopper votre sens de l&rsquo;observation<\/strong><\/p>\n\n\n\n<ul class=\"wp-block-list\">\n<li>Une vision globale de son \u00e9volution pour des d\u00e9cisions plus pr\u00e9cises.<\/li>\n\n\n\n<li>Une meilleure r\u00e9activit\u00e9 aux besoins de votre cheval.<\/li>\n\n\n\n<li>Moins d&rsquo;incertitude face aux \u00e9volutions de la morphologie de votre cheval<\/li>\n\n\n\n<li>Une capacit\u00e9 \u00e0 rep\u00e9rer rapidement les signes de mauvais ajustement.<\/li>\n<\/ul>\n\n\n\n<p><strong>Vous accompagner pour devenir plus autonome<\/strong><\/p>\n\n\n\n<ul class=\"wp-block-list\">\n<li>Un cavalier avec plus d&rsquo;autonomie et de compr\u00e9hension sur l&rsquo;adaptation du mat\u00e9riel.<\/li>\n\n\n\n<li>Un savoir-faire technique que vous pourrez appliquer en toute confiance.<\/li>\n\n\n\n<li>Une autonomie renforc\u00e9e pour prendre des d\u00e9cisions \u00e9clair\u00e9es.<\/li>\n\n\n\n<li>Une autonomie dans le suivi de votre cheval.<\/li>\n\n\n\n<li>Une gestion proactive de son confort.<\/li>\n<\/ul>\n\n\n\n<p><strong>La transmission de connaissances<\/strong><\/p>\n\n\n\n<ul class=\"wp-block-list\">\n<li>Tout au long de l&rsquo;accompagnement et la certitude de les avoirs toujours \u00e0 disposition.<\/li>\n\n\n\n<li>Une \u00e9volution constante de vos comp\u00e9tences en adaptation de votre mat\u00e9riel.<\/li>\n<\/ul>\n\n\n\n<h2 class=\"wp-block-heading\">Cet accompagnement est adapt\u00e9&nbsp;pour les chevaux&nbsp;:<\/h2>\n\n\n\n<ul class=\"wp-block-list\">\n<li>D\u00e8s leur d\u00e9bourrage et jusqu&rsquo;\u00e0 leur mise \u00e0 la retraite<\/li>\n\n\n\n<li>N&rsquo;ayant pas de pathologies particuli\u00e8res<\/li>\n\n\n\n<li>Pratiquant des activit\u00e9s loisirs ou plus orient\u00e9 comp\u00e9tition<\/li>\n\n\n\n<li>Ayant des pathologies mais dont l&rsquo;activit\u00e9 est adapt\u00e9 et valid\u00e9 par un v\u00e9t\u00e9rinaire<\/li>\n<\/ul>\n<\/div><\/div>\n\n\n\n<div class=\"wp-block-cover alignfull is-light\"><span aria-hidden=\"true\" class=\"wp-block-cover__background has-background-dim-100 has-background-dim\" style=\"background-color:#f3d9b4\"><\/span><div class=\"wp-block-cover__inner-container is-layout-constrained wp-block-cover-is-layout-constrained\">\n<h2 class=\"wp-block-heading has-text-align-center has-large-font-size\">Voici des retours de personnes qui m&rsquo;ont fait confiance :<\/h2>\n\n\n\n<ul class=\"wp-block-list\">\n<li><p style=\"margin-bottom: 0cm;\"><strong>Agn\u00e8s D.<\/strong> : \u00ab&nbsp;Merci beaucoup pour vos conseils et votre travail&nbsp;! Durant le cours Prince s&rsquo;est montr\u00e9 beaucoup plus r\u00e9actif, d\u00e9tendu et disponible que d&rsquo;habitude. Nous nous sommes m\u00eame offerts le luxe de quelques obstacles et tout s&rsquo;est super bien pass\u00e9&nbsp;! C&rsquo;est comme un nouveau cheval merci&nbsp;\u00bb<\/p><\/li>\n<\/ul>\n\n\n\n<ul class=\"wp-block-list\">\n<li style=\"line-height:1.5\"><strong>Camille V. <\/strong>: \u00ab&nbsp;La selle \u00e0 transform\u00e9e Gasby, impressionnant, vous avez fait un super travail, il est adorable et pour les rares \u00e9carts lors des balades, je ne bouge plus, pas une chute depuis ! Vraiment merci beaucoup<p align=\"LEFT\"><\/p><\/li>\n\n\n\n<li><p align=\"LEFT\"><strong>Axelle B.<\/strong> : \u00ab&nbsp;Nous avons tr\u00e8s bien fini notre course (ndl&nbsp;: endurance). Tr\u00e8s contente de notre r\u00e9sultat. 20\/83. Merci \u00e0 toi. Aucun soucis au niveau d&rsquo;Heliopp. J&rsquo;ai pu une bonne partie du temps \u00eatre assise.&nbsp;\u00bb<\/p><\/li>\n<\/ul>\n<\/div><\/div>\n\n\n\n<div class=\"wp-block-cover alignfull is-light\" style=\"min-height:611px;aspect-ratio:unset;\"><span aria-hidden=\"true\" class=\"wp-block-cover__background has-background-dim-20 has-background-dim\" style=\"background-color:#f3d9b4\"><\/span><img loading=\"lazy\" decoding=\"async\" width=\"1920\" height=\"1080\" class=\"wp-block-cover__image-background wp-image-5504\" alt=\"\" src=\"https:\/\/atelier-lecrinducuir.com\/wp-content\/uploads\/2021\/01\/Design-sans-titre-2.png\" style=\"object-position:50% 50%\" data-object-fit=\"cover\" data-object-position=\"50% 50%\" srcset=\"https:\/\/atelier-lecrinducuir.com\/wp-content\/uploads\/2021\/01\/Design-sans-titre-2.png 1920w, https:\/\/atelier-lecrinducuir.com\/wp-content\/uploads\/2021\/01\/Design-sans-titre-2-300x169.png 300w, https:\/\/atelier-lecrinducuir.com\/wp-content\/uploads\/2021\/01\/Design-sans-titre-2-1024x576.png 1024w, https:\/\/atelier-lecrinducuir.com\/wp-content\/uploads\/2021\/01\/Design-sans-titre-2-768x432.png 768w, https:\/\/atelier-lecrinducuir.com\/wp-content\/uploads\/2021\/01\/Design-sans-titre-2-1536x864.png 1536w\" sizes=\"(max-width: 1920px) 100vw, 1920px\" \/><div class=\"wp-block-cover__inner-container is-layout-constrained wp-block-cover-is-layout-constrained\">\n<h3 class=\"wp-block-heading has-text-align-center\"><strong>Pr\u00eat(e) \u00e0 offrir le meilleur \u00e0 votre cheval ?<\/strong><\/h3>\n\n\n\n<div class=\"wp-block-buttons is-content-justification-center is-layout-flex wp-container-core-buttons-is-layout-16018d1d wp-block-buttons-is-layout-flex\">\n<div class=\"wp-block-button is-style-fill\"><a class=\"wp-block-button__link has-text-align-center wp-element-button\" href=\"https:\/\/calendly.com\/atelier-lecrinducuir\/30min\"><strong><mark style=\"background-color:rgba(0, 0, 0, 0)\" class=\"has-inline-color has-vivid-red-color\">Cliquez ici<\/mark><\/strong> pour rejoindre l&rsquo;accompagnement et d\u00e9marrer votre ann\u00e9e de transformation !<\/a><\/div>\n<\/div>\n<\/div><\/div>\n\n\n\n<div class=\"wp-block-media-text alignfull is-stacked-on-mobile has-background\" style=\"background-color:#d8a17a;grid-template-columns:40% auto\"><figure class=\"wp-block-media-text__media\"><img loading=\"lazy\" decoding=\"async\" width=\"1024\" height=\"819\" src=\"https:\/\/atelier-lecrinducuir.com\/wp-content\/uploads\/2025\/05\/Imaginez.-Etre-pris-par-la-main-pendant-un-an-Monter-avec-la-certitude-que-votre-cheval-est-confortable-Savoir-si-votre-selle-est-modifiable-Pouvoir-realiser-certains-ajustements-en-toute-4-1024x819.png\" alt=\"\" class=\"wp-image-5624 size-full\" srcset=\"https:\/\/atelier-lecrinducuir.com\/wp-content\/uploads\/2025\/05\/Imaginez.-Etre-pris-par-la-main-pendant-un-an-Monter-avec-la-certitude-que-votre-cheval-est-confortable-Savoir-si-votre-selle-est-modifiable-Pouvoir-realiser-certains-ajustements-en-toute-4-1024x819.png 1024w, https:\/\/atelier-lecrinducuir.com\/wp-content\/uploads\/2025\/05\/Imaginez.-Etre-pris-par-la-main-pendant-un-an-Monter-avec-la-certitude-que-votre-cheval-est-confortable-Savoir-si-votre-selle-est-modifiable-Pouvoir-realiser-certains-ajustements-en-toute-4-300x240.png 300w, https:\/\/atelier-lecrinducuir.com\/wp-content\/uploads\/2025\/05\/Imaginez.-Etre-pris-par-la-main-pendant-un-an-Monter-avec-la-certitude-que-votre-cheval-est-confortable-Savoir-si-votre-selle-est-modifiable-Pouvoir-realiser-certains-ajustements-en-toute-4-768x614.png 768w, https:\/\/atelier-lecrinducuir.com\/wp-content\/uploads\/2025\/05\/Imaginez.-Etre-pris-par-la-main-pendant-un-an-Monter-avec-la-certitude-que-votre-cheval-est-confortable-Savoir-si-votre-selle-est-modifiable-Pouvoir-realiser-certains-ajustements-en-toute-4-1536x1229.png 1536w, https:\/\/atelier-lecrinducuir.com\/wp-content\/uploads\/2025\/05\/Imaginez.-Etre-pris-par-la-main-pendant-un-an-Monter-avec-la-certitude-que-votre-cheval-est-confortable-Savoir-si-votre-selle-est-modifiable-Pouvoir-realiser-certains-ajustements-en-toute-4.png 2000w\" sizes=\"(max-width: 1024px) 100vw, 1024px\" \/><\/figure><div class=\"wp-block-media-text__content\">\n<h2 class=\"wp-block-heading has-text-align-center has-large-font-size\">Ce que l&rsquo;on trouve dans l&rsquo;accompagnement :<\/h2>\n\n\n\n<p><strong><u>Les Rendez vous physiques et t\u00e9l\u00e9phoniques permettant&nbsp;:<\/u><\/strong><\/p>\n\n\n\n<ul class=\"wp-block-list\">\n<li>Un suivi structur\u00e9 et \u00e9volutif, adapt\u00e9 \u00e0 votre cheval selon son \u00e2ge et son activit\u00e9.<\/li>\n\n\n\n<li>Des comptes rendus d\u00e9taill\u00e9s pour comprendre les ajustements effectu\u00e9s sur votre mat\u00e9riel<\/li>\n\n\n\n<li>Un soutien continu entre les s\u00e9ances physiques pour r\u00e9pondre aux questions et pouvoir ajuster le mat\u00e9riel si n\u00e9cessaire.<\/li>\n\n\n\n<li>De la flexibilit\u00e9 pour \u00e9viter les blocages entre deux rendez-vous en pr\u00e9sentiel. <\/li>\n<\/ul>\n\n\n\n<p><strong><u>Une journ\u00e9e de stage destin\u00e9e \u00e0 :<\/u><\/strong><\/p>\n\n\n\n<ul class=\"wp-block-list\">\n<li>Un apprentissage en immersion pour mieux observer, comprendre et ajuster concr\u00e8tement.<\/li>\n\n\n\n<li>Une mise en pratique imm\u00e9diate pour ancrer les connaissances. <\/li>\n<\/ul>\n\n\n\n<p style=\"text-decoration:underline\"><strong><u>L\u2019acc<\/u>\u00e8s \u00e0 une plateforme p\u00e9dagogique :<\/strong><\/p>\n\n\n\n<ul class=\"wp-block-list\">\n<li>Un contenu p\u00e9dagogique toujours disponible, \u00e0 revoir \u00e0 votre rythme.<\/li>\n\n\n\n<li>Des mises \u00e0 jour suivant les nouveaut\u00e9s en mati\u00e8re de mat\u00e9riel et d&rsquo;ajustement. <\/li>\n<\/ul>\n\n\n\n<p style=\"text-decoration:underline\"><strong>Une communaut\u00e9 bienveillante :<\/strong><\/p>\n\n\n\n<ul class=\"wp-block-list\">\n<li>Un espace de partage et d&rsquo;\u00e9changes avec d&rsquo;autres cavaliers engag\u00e9s. Un soutien collectif pour progresser ensemble. <\/li>\n<\/ul>\n\n\n\n<p style=\"text-decoration:underline\"><strong>Et des outils&nbsp;: Bullet journal&nbsp;\/ Kit d&rsquo;outils&nbsp;\/Ebook&nbsp;:<\/strong><\/p>\n\n\n\n<ul class=\"wp-block-list\">\n<li>Un outil concret pour suivre les changements de morphologie et les ajustements effectu\u00e9s. Un support personnalis\u00e9 pour noter observations et ressentis.<\/li>\n\n\n\n<li>Un guide clair et structur\u00e9 pour v\u00e9rifier votre selle de mani\u00e8re autonome. Accessible partout, en version num\u00e9rique, pour un usage pratique.<\/li>\n\n\n\n<li>Pour relever les mensurations de votre cheval et observer efficacement.<\/li>\n<\/ul>\n<\/div><\/div>\n\n\n\n<div class=\"wp-block-media-text alignfull has-media-on-the-right is-stacked-on-mobile has-background\" style=\"background-color:#f3d9b4;grid-template-columns:auto 30%\"><div class=\"wp-block-media-text__content\">\n<h2 class=\"wp-block-heading has-text-align-center has-large-font-size\"><strong>Qui suis-je&nbsp;?<\/strong><\/h2>\n\n\n\n<p>Marie-Pierre Elboudali, Artisan Sellier-Harnacheur depuis 2013 et Saddle Fitter passionn\u00e9.<\/p>\n\n\n\n<p>J&rsquo;ai cr\u00e9\u00e9 l\u2019Atelier l&rsquo;Ecrin du cuir \u00e0 Lespignan dans l&rsquo;H\u00e9rault.<\/p>\n\n\n\n<p>Au fil du temps, bien que les chevaux soient au c\u0153ur de mon m\u00e9tier, j&rsquo;ai pris conscience que je passais finalement peu de temps \u00e0 leurs c\u00f4t\u00e9s. En parall\u00e8le, je me suis rendu compte qu&rsquo;un aspect essentiel avait \u00e9t\u00e9 totalement absent de ma formation initiale&nbsp;: l&rsquo;importance de l&rsquo;adaptation du mat\u00e9riel.<\/p>\n\n\n\n<p>Apr\u00e8s de nombreuses recherches, je me suis tourn\u00e9e vers une&nbsp;<strong>formation en Saddle Fitting<\/strong>, permettant ainsi d&rsquo;avoir une vision holistique du couple et proposer des solutions mat\u00e9rielles pour le confort et la performance globale.<\/p>\n\n\n\n<p>J&rsquo;ai rapidement d\u00e9cid\u00e9 d&rsquo;aider les d\u00e9tenteurs d&rsquo;\u00e9quid\u00e9s \u00e0 devenir acteur du suivi en saddle fitting de leur monture. J&rsquo;ai donc cr\u00e9er cet accompagnement&nbsp;unique: Observer, comprendre et ajuster.<\/p>\n\n\n\n<figure class=\"wp-block-table\"><table><tbody><tr><td class=\"has-text-align-center\" data-align=\"center\">&#8211; <strong>CAP Sellier-harnacheur<\/strong> form\u00e9e par Michel Charrier, MOF (Haras Nationaux).<br>&#8211; <strong>Formation professionnelle de Saddle Fitting<\/strong> avec Eug\u00e9nie Cotereau (Ergonomie \u00e9questre).<br>&#8211; <strong>Membre et signataire de la Charte de Bonnes Pratiques de l&rsquo;ASFI<\/strong>, (Association des Saddle Fitters Ind\u00e9pendants).<\/td><td><\/td><\/tr><\/tbody><\/table><\/figure>\n<\/div><figure class=\"wp-block-media-text__media\"><img loading=\"lazy\" decoding=\"async\" width=\"768\" height=\"1024\" src=\"https:\/\/atelier-lecrinducuir.com\/wp-content\/uploads\/2025\/05\/20220526_190457-768x1024.jpg\" alt=\"\" class=\"wp-image-5621 size-full\" srcset=\"https:\/\/atelier-lecrinducuir.com\/wp-content\/uploads\/2025\/05\/20220526_190457-768x1024.jpg 768w, https:\/\/atelier-lecrinducuir.com\/wp-content\/uploads\/2025\/05\/20220526_190457-225x300.jpg 225w, https:\/\/atelier-lecrinducuir.com\/wp-content\/uploads\/2025\/05\/20220526_190457-1152x1536.jpg 1152w, https:\/\/atelier-lecrinducuir.com\/wp-content\/uploads\/2025\/05\/20220526_190457-1536x2048.jpg 1536w, https:\/\/atelier-lecrinducuir.com\/wp-content\/uploads\/2025\/05\/20220526_190457-scaled.jpg 1920w\" sizes=\"(max-width: 768px) 100vw, 768px\" \/><\/figure><\/div>\n\n\n\n<h2 class=\"wp-block-heading has-text-align-center\"><strong>Le contenu de l&rsquo;accompagnement&nbsp;:<\/strong><\/h2>\n\n\n\n<h2 class=\"wp-block-heading has-text-align-center\"><strong>1 ann\u00e9e pour offrir \u00e0 votre couple <\/strong><strong>cheval\/cavalier un Saddle Fitting personnalis\u00e9<\/strong><\/h2>\n\n\n\n<div class=\"wp-block-group\"><div class=\"wp-block-group__inner-container is-layout-constrained wp-block-group-is-layout-constrained\">\n<div class=\"wp-block-columns is-layout-flex wp-container-core-columns-is-layout-9d6595d7 wp-block-columns-is-layout-flex\">\n<div class=\"wp-block-column is-layout-flow wp-block-column-is-layout-flow\" style=\"flex-basis:100%\">\n<figure class=\"wp-block-table is-style-regular has-regular-font-size\" style=\"text-transform:capitalize\"><table class=\"has-black-color has-text-color has-background has-link-color\" style=\"background-color:#d8a17a\"><tbody><tr><td><p align=\"CENTER\"><strong><mark style=\"background-color:rgba(0, 0, 0, 0)\" class=\"has-inline-color has-luminous-vivid-orange-color\"><em>Option 1 :<\/em> <\/mark><\/strong><\/p><br><mark style=\"background-color:rgba(0, 0, 0, 0)\" class=\"has-inline-color has-luminous-vivid-orange-color\"><p align=\"CENTER\"><strong style=\"font-family: inherit; font-size: inherit;\">jeunes chevaux et chevaux en reprise d&rsquo;activit\u00e9<\/strong><\/p><br><p align=\"CENTER\"><strong>4 rendez-vous de saddle fitting<\/strong> <\/p><\/mark><p align=\"CENTER\">avec comptes rendus (valeur: 420 \u20ac)<\/p><\/td><td><p align=\"CENTER\"><\/p><br><\/td><td><br><p align=\"CENTER\"><strong><mark style=\"background-color:rgba(0, 0, 0, 0)\" class=\"has-inline-color has-vivid-purple-color\"><em>Option 2 :<\/em> <\/mark><\/strong><\/p><br><mark style=\"background-color:rgba(0, 0, 0, 0)\" class=\"has-inline-color has-vivid-purple-color\"><p align=\"CENTER\"><strong style=\"font-family: inherit; font-size: inherit;\">chevaux sans pathologies particuli\u00e8res<\/strong><\/p><br><p align=\"CENTER\"><strong>2 rendez-vous de saddle fitting<\/strong><\/p><\/mark><p align=\"CENTER\"><strong> <\/strong>avec comptes rendus. (valeur: 240 \u20ac)<\/p><br><\/td><\/tr><\/tbody><\/table><\/figure>\n<\/div>\n<\/div>\n<\/div><\/div>\n\n\n\n<figure class=\"wp-block-table\"><table class=\"has-background has-fixed-layout\" style=\"background-color:#f3d9b4\"><tbody><tr><td><p style=\"margin-bottom: 0cm;\" align=\"CENTER\"><b>ET<\/b><\/p><br><p style=\"margin-bottom: 0cm;\" align=\"CENTER\"><b>pour tout le monde :<\/b><\/p><ul><br><li><p style=\"margin-bottom: 0cm;\"><strong>2 rendez-vous t\u00e9l\u00e9phoniques interm\u00e9diaires.<\/strong><\/p><\/li><br><li><p style=\"margin-bottom: 0cm;\"><strong>E-book<\/strong> pour v\u00e9rifier l&rsquo;ad\u00e9quation de votre selle. (valeur 20 \u20ac)<\/p><\/li><br><li><p style=\"margin-bottom: 0cm;\"><strong>Kit d&rsquo;outils de suivi.<\/strong> (valeur 25 \u20ac)<\/p><\/li><\/ul><\/td><\/tr><\/tbody><\/table><\/figure>\n\n\n\n<figure class=\"wp-block-table\"><table class=\"has-background has-fixed-layout\" style=\"background-color:#d8a17a\"><tbody><tr><td><p style=\"margin-bottom: 0cm;\" align=\"CENTER\"><b>LES BONUS<\/b><\/p><ul><br><li><p style=\"margin-bottom: 0cm;\"><strong>1 journ\u00e9e de stage pratique<\/strong> (th\u00e9orie + pratique en atelier et en ext\u00e9rieur). (valeur 150 \u20ac)<\/p><\/li><br><li><p style=\"margin-bottom: 0cm;\"><strong>Acc\u00e8s \u00e0 vie \u00e0 une plateforme p\u00e9dagogique<\/strong> et mises \u00e0 jour. (valeur 150 \u20ac)<\/p><\/li><br><li><p style=\"margin-bottom: 0cm;\"><strong>Bullet journal physique<\/strong> pour suivre l&rsquo;\u00e9volution de votre cheval. (valeur 20 \u20ac)<\/p><\/li><br><li><p style=\"margin-bottom: 0cm;\"><strong>Acc\u00e8s \u00e0 vie \u00e0 un groupe d&rsquo;entraide priv\u00e9.<\/strong><\/p><\/li><br><li><strong>Une surprise !<\/strong>(valeur 60 \u20ac)<\/li><\/ul><\/td><\/tr><\/tbody><\/table><\/figure>\n\n\n\n<p><\/p>\n\n\n\n<p class=\"has-text-align-center has-luminous-vivid-orange-color has-text-color has-link-color has-medium-font-size wp-elements-c38604ca7043d50f524b6e16f2bd03b2\" style=\"line-height:1;text-decoration:underline\"><strong>Valeur de l&rsquo;accompagnement Option 1<\/strong><strong> : J<\/strong><strong>eune cheval\/reprise d&rsquo;activit\u00e9<\/strong><\/p>\n\n\n\n<p class=\"has-text-align-center has-luminous-vivid-orange-color has-text-color has-link-color has-regular-font-size wp-elements-753d62aa5a569100e2b5037c2c60ab35\" style=\"line-height:1\">Valeur totale si chaque \u00e9l\u00e9ment \u00e9taient pris individuellement&nbsp;: 845 \u20ac<\/p>\n\n\n\n<p class=\"has-text-align-center has-luminous-vivid-orange-color has-text-color has-link-color has-medium-font-size wp-elements-1816b518a038fb09ebda0092468aeefe\" style=\"line-height:1;text-decoration:underline\"><b><strong>Valeur de l&rsquo;offre 620 \u20ac + frais de d\u00e9placements*<\/strong><\/b><\/p>\n\n\n\n<p class=\"has-luminous-vivid-orange-color has-text-color has-link-color wp-elements-ef6471f2ba3ebc5bb7bad1b3ab04a859\" style=\"line-height:1;text-decoration:underline\"><\/p>\n\n\n\n<p class=\"has-text-align-center has-vivid-purple-color has-text-color has-link-color has-medium-font-size wp-elements-75840f798364fde674c9301bb1f8e941\" style=\"line-height:1;text-decoration:underline\"><b>Valeur de l&rsquo;accompagnement Option 2&nbsp;: Cheval sans pathologies particuli\u00e8res<\/b><\/p>\n\n\n\n<p class=\"has-text-align-center has-vivid-purple-color has-text-color has-link-color has-regular-font-size wp-elements-f5ee6658ecd6053b501d97009864e3d6\" style=\"line-height:1\">Valeur totale si chaque \u00e9l\u00e9ment \u00e9taient pris individuellement&nbsp;: 675 \u20ac<\/p>\n\n\n\n<p class=\"has-text-align-center has-vivid-purple-color has-text-color has-link-color has-medium-font-size wp-elements-455497a49ce20ecc513b07cae70b0ab4\" style=\"line-height:1;text-decoration:underline\"><strong>Valeur de l&rsquo;offre 450 \u20ac + frais de d\u00e9placements*<\/strong><\/p>\n\n\n\n<h6 class=\"wp-block-heading\" style=\"line-height:1\">* frais de d\u00e9placements&nbsp;:<\/h6>\n\n\n\n<p style=\"letter-spacing:0px;line-height:1\">Offert si moins de 30 min de route de Lespignan (34710)<\/p>\n\n\n\n<p style=\"letter-spacing:0px;line-height:1\">15 \u20ac par rdv entre 30 min et 1h de route de Lespignan (34710)<\/p>\n\n\n\n<p style=\"line-height:1\">30 \u20ac par rdv entre 1h et 1h30 de route de Lespignan (34710)<\/p>\n\n\n\n<div class=\"wp-block-cover alignfull is-light\" style=\"padding-top:var(--wp--preset--spacing--30);padding-bottom:var(--wp--preset--spacing--30);min-height:180px;aspect-ratio:unset;\"><span aria-hidden=\"true\" class=\"wp-block-cover__background has-background-dim-100 has-background-dim\" style=\"background-color:#f3d9b4\"><\/span><div class=\"wp-block-cover__inner-container is-layout-constrained wp-block-cover-is-layout-constrained\">\n<h2 class=\"wp-block-heading has-text-align-center\">Un programme exclusif et limit\u00e9<\/h2>\n\n\n\n<h3 class=\"wp-block-heading has-text-align-center\">5 places disponibles par trimestre<\/h3>\n<\/div><\/div>\n\n\n\n<div class=\"wp-block-media-text alignfull is-stacked-on-mobile has-background\" style=\"background-color:#d8a17a;grid-template-columns:30% auto\"><figure class=\"wp-block-media-text__media\"><img loading=\"lazy\" decoding=\"async\" width=\"1024\" height=\"819\" src=\"https:\/\/atelier-lecrinducuir.com\/wp-content\/uploads\/2025\/05\/Imaginez.-Etre-pris-par-la-main-pendant-un-an-Monter-avec-la-certitude-que-votre-cheval-est-confortable-Savoir-si-votre-selle-est-modifiable-Pouvoir-realiser-certains-ajustements-en-toute-3-1024x819.png\" alt=\"\" class=\"wp-image-5623 size-full\" srcset=\"https:\/\/atelier-lecrinducuir.com\/wp-content\/uploads\/2025\/05\/Imaginez.-Etre-pris-par-la-main-pendant-un-an-Monter-avec-la-certitude-que-votre-cheval-est-confortable-Savoir-si-votre-selle-est-modifiable-Pouvoir-realiser-certains-ajustements-en-toute-3-1024x819.png 1024w, https:\/\/atelier-lecrinducuir.com\/wp-content\/uploads\/2025\/05\/Imaginez.-Etre-pris-par-la-main-pendant-un-an-Monter-avec-la-certitude-que-votre-cheval-est-confortable-Savoir-si-votre-selle-est-modifiable-Pouvoir-realiser-certains-ajustements-en-toute-3-300x240.png 300w, https:\/\/atelier-lecrinducuir.com\/wp-content\/uploads\/2025\/05\/Imaginez.-Etre-pris-par-la-main-pendant-un-an-Monter-avec-la-certitude-que-votre-cheval-est-confortable-Savoir-si-votre-selle-est-modifiable-Pouvoir-realiser-certains-ajustements-en-toute-3-768x614.png 768w, https:\/\/atelier-lecrinducuir.com\/wp-content\/uploads\/2025\/05\/Imaginez.-Etre-pris-par-la-main-pendant-un-an-Monter-avec-la-certitude-que-votre-cheval-est-confortable-Savoir-si-votre-selle-est-modifiable-Pouvoir-realiser-certains-ajustements-en-toute-3-1536x1229.png 1536w, https:\/\/atelier-lecrinducuir.com\/wp-content\/uploads\/2025\/05\/Imaginez.-Etre-pris-par-la-main-pendant-un-an-Monter-avec-la-certitude-que-votre-cheval-est-confortable-Savoir-si-votre-selle-est-modifiable-Pouvoir-realiser-certains-ajustements-en-toute-3.png 2000w\" sizes=\"(max-width: 1024px) 100vw, 1024px\" \/><\/figure><div class=\"wp-block-media-text__content\">\n<h2 class=\"wp-block-heading has-text-align-center\">Comment rejoindre l&rsquo;accompagnement ?<\/h2>\n\n\n\n<ol class=\"wp-block-list\">\n<li><p style=\"margin-bottom: 0cm;\">Clique sur le bouton,<\/p><\/li>\n\n\n\n<li><p style=\"margin-bottom: 0cm;\">R\u00e9serve le cr\u00e9neau d&rsquo;appel qui t\u2019int\u00e9resse en renseignant tes coordonn\u00e9es,<\/p><\/li>\n\n\n\n<li><p style=\"margin-bottom: 0cm;\">Lors de l&rsquo;appel, nous explorerons ensemble tes besoins et ceux de ton cheval et regarderons si le programme est fait pour toi. Et si tout est bon&nbsp;:<\/p><\/li>\n\n\n\n<li>Nous planifions le premier rendez-vous.<\/li>\n<\/ol>\n<\/div><\/div>\n\n\n\n<div class=\"wp-block-cover alignfull is-light\"><span aria-hidden=\"true\" class=\"wp-block-cover__background has-background-dim-100 has-background-dim\" style=\"background-color:#f3d9b4\"><\/span><div class=\"wp-block-cover__inner-container is-layout-constrained wp-block-cover-is-layout-constrained\">\n<h2 class=\"wp-block-heading\">T\u00e9moignages&nbsp;:<\/h2>\n\n\n<div class=\"wp-block-image is-style-rounded\">\n<figure class=\"aligncenter size-large is-resized\"><img loading=\"lazy\" decoding=\"async\" width=\"1024\" height=\"1024\" src=\"https:\/\/atelier-lecrinducuir.com\/wp-content\/uploads\/2025\/06\/IMG-20250519-WA0002-1024x1024.jpg\" alt=\"\" class=\"wp-image-5759\" style=\"width:150px;height:150px\" srcset=\"https:\/\/atelier-lecrinducuir.com\/wp-content\/uploads\/2025\/06\/IMG-20250519-WA0002-1024x1024.jpg 1024w, https:\/\/atelier-lecrinducuir.com\/wp-content\/uploads\/2025\/06\/IMG-20250519-WA0002-300x300.jpg 300w, https:\/\/atelier-lecrinducuir.com\/wp-content\/uploads\/2025\/06\/IMG-20250519-WA0002-150x150.jpg 150w, https:\/\/atelier-lecrinducuir.com\/wp-content\/uploads\/2025\/06\/IMG-20250519-WA0002-768x768.jpg 768w, https:\/\/atelier-lecrinducuir.com\/wp-content\/uploads\/2025\/06\/IMG-20250519-WA0002-1536x1536.jpg 1536w, https:\/\/atelier-lecrinducuir.com\/wp-content\/uploads\/2025\/06\/IMG-20250519-WA0002.jpg 2048w\" sizes=\"(max-width: 1024px) 100vw, 1024px\" \/><\/figure>\n<\/div>\n\n\n<blockquote class=\"wp-block-quote has-text-align-center is-style-large is-layout-flow wp-block-quote-is-layout-flow\">\n<p>\u00ab&nbsp;Une formation essentielle pour qui veut allier&nbsp;performance, confort et respect du cheval !<\/p>\n\n\n\n<p> Un accompagnement qui change vraiment le regard que l&rsquo;on porte sur l&rsquo;\u00e9quitation\u00bb<\/p>\n<cite>\u2014 No\u00e9mie O.<\/cite><\/blockquote>\n\n\n\n<hr class=\"wp-block-separator has-css-opacity is-style-default\"\/>\n\n\n<div class=\"wp-block-image is-style-rounded\">\n<figure class=\"aligncenter size-full is-resized\"><img loading=\"lazy\" decoding=\"async\" width=\"2560\" height=\"2560\" src=\"https:\/\/atelier-lecrinducuir.com\/wp-content\/uploads\/2025\/08\/cora1-1-edited-scaled.jpg\" alt=\"\" class=\"wp-image-6156\" style=\"object-fit:contain;width:174px;height:auto\" srcset=\"https:\/\/atelier-lecrinducuir.com\/wp-content\/uploads\/2025\/08\/cora1-1-edited-scaled.jpg 2560w, https:\/\/atelier-lecrinducuir.com\/wp-content\/uploads\/2025\/08\/cora1-1-edited-300x300.jpg 300w, https:\/\/atelier-lecrinducuir.com\/wp-content\/uploads\/2025\/08\/cora1-1-edited-1024x1024.jpg 1024w, https:\/\/atelier-lecrinducuir.com\/wp-content\/uploads\/2025\/08\/cora1-1-edited-150x150.jpg 150w, https:\/\/atelier-lecrinducuir.com\/wp-content\/uploads\/2025\/08\/cora1-1-edited-768x768.jpg 768w, https:\/\/atelier-lecrinducuir.com\/wp-content\/uploads\/2025\/08\/cora1-1-edited-1536x1536.jpg 1536w, https:\/\/atelier-lecrinducuir.com\/wp-content\/uploads\/2025\/08\/cora1-1-edited-2048x2048.jpg 2048w\" sizes=\"(max-width: 2560px) 100vw, 2560px\" \/><\/figure>\n<\/div>\n\n\n<blockquote class=\"wp-block-quote has-text-align-center is-style-large is-layout-flow wp-block-quote-is-layout-flow\">\n<p>\u00ab\u00a0\u00a0Un accompagnement riche en d\u00e9couvertes qui m&rsquo;a aid\u00e9 \u00e0 mieux comprendre les bases du saddle fitting pour pouvoir les utiliser dans mon quotidien. Merci ! \u00bb<\/p>\n<cite>\u2014 Cora D.<\/cite><\/blockquote>\n<\/div><\/div>\n\n\n\n<div class=\"wp-block-cover alignfull is-light\" style=\"min-height:292px;aspect-ratio:unset;\"><span aria-hidden=\"true\" class=\"wp-block-cover__background has-background-dim-100 has-background-dim\" style=\"background-color:#d8a17a\"><\/span><div class=\"wp-block-cover__inner-container is-layout-constrained wp-block-cover-is-layout-constrained\">\n<h2 class=\"wp-block-heading\">FAQ<\/h2>\n\n\n\n<p><strong>Mon cheval a des besoins sp\u00e9cifiques (jeune cheval au d\u00e9bourrage, reprise de travail apr\u00e8s poulinage, pr\u00e9sences de Conflits de Processus Epineux, &#8230;) , ce programme est-il adapt\u00e9 ?<\/strong> Oui, le programme est personnalis\u00e9 en fonction de votre situation.<\/p>\n\n\n\n<p><strong>Je ne suis pas s\u00fbr(e) d&rsquo;avoir les comp\u00e9tences pour r\u00e9aliser les ajustements&#8230;<\/strong> Pas de souci ! Je vous accompagne et vous forme progressivement.<\/p>\n<\/div><\/div>\n\n\n\n<div class=\"wp-block-cover alignfull is-light\" style=\"min-height:611px;aspect-ratio:unset;\"><span aria-hidden=\"true\" class=\"wp-block-cover__background has-background-dim-20 has-background-dim\" style=\"background-color:#f3d9b4\"><\/span><img loading=\"lazy\" decoding=\"async\" width=\"1920\" height=\"1080\" class=\"wp-block-cover__image-background wp-image-5504\" alt=\"\" src=\"https:\/\/atelier-lecrinducuir.com\/wp-content\/uploads\/2021\/01\/Design-sans-titre-2.png\" style=\"object-position:50% 50%\" data-object-fit=\"cover\" data-object-position=\"50% 50%\" srcset=\"https:\/\/atelier-lecrinducuir.com\/wp-content\/uploads\/2021\/01\/Design-sans-titre-2.png 1920w, https:\/\/atelier-lecrinducuir.com\/wp-content\/uploads\/2021\/01\/Design-sans-titre-2-300x169.png 300w, https:\/\/atelier-lecrinducuir.com\/wp-content\/uploads\/2021\/01\/Design-sans-titre-2-1024x576.png 1024w, https:\/\/atelier-lecrinducuir.com\/wp-content\/uploads\/2021\/01\/Design-sans-titre-2-768x432.png 768w, https:\/\/atelier-lecrinducuir.com\/wp-content\/uploads\/2021\/01\/Design-sans-titre-2-1536x864.png 1536w\" sizes=\"(max-width: 1920px) 100vw, 1920px\" \/><div class=\"wp-block-cover__inner-container is-layout-constrained wp-block-cover-is-layout-constrained\">\n<h3 class=\"wp-block-heading has-text-align-center\"><strong>Pr\u00eat(e) \u00e0 offrir le meilleur \u00e0 votre cheval ?<\/strong><\/h3>\n\n\n\n<div class=\"wp-block-buttons is-content-justification-center is-layout-flex wp-container-core-buttons-is-layout-16018d1d wp-block-buttons-is-layout-flex\">\n<div class=\"wp-block-button is-style-fill\"><a class=\"wp-block-button__link has-text-align-center wp-element-button\" href=\"https:\/\/calendly.com\/atelier-lecrinducuir\/30min\"><strong><mark style=\"background-color:rgba(0, 0, 0, 0)\" class=\"has-inline-color has-vivid-red-color\">Cliquez ici<\/mark><\/strong> pour rejoindre l&rsquo;accompagnement et d\u00e9marrer votre ann\u00e9e de transformation !<\/a><\/div>\n<\/div>\n<\/div><\/div>\n\n\n\n<p><\/p>\n\n\n\n<p><\/p>\n","protected":false},"excerpt":{"rendered":"<p>Qui suis-je&nbsp;? Marie-Pierre Elboudali, Artisan Sellier-Harnacheur depuis 2013 et Saddle Fitter passionn\u00e9. J&rsquo;ai cr\u00e9\u00e9 l\u2019Atelier l&rsquo;Ecrin du cuir \u00e0 Lespignan dans l&rsquo;H\u00e9rault. Au fil du temps, bien que les chevaux soient au c\u0153ur de mon m\u00e9tier, j&rsquo;ai pris conscience que je passais finalement peu de temps \u00e0 leurs c\u00f4t\u00e9s. En parall\u00e8le, je me suis rendu &hellip;<\/p>\n","protected":false},"author":1,"featured_media":0,"parent":0,"menu_order":0,"comment_status":"closed","ping_status":"closed","template":"","meta":{"footnotes":""},"class_list":["post-5500","page","type-page","status-publish","hentry"],"yoast_head":"<!-- This site is optimized with the Yoast SEO plugin v27.5 - https:\/\/yoast.com\/product\/yoast-seo-wordpress\/ -->\n<title>L&#039;accompagnement en Saddle Fitting - Atelier l&#039;Ecrin du cuir<\/title>\n<meta name=\"robots\" content=\"index, follow, max-snippet:-1, max-image-preview:large, max-video-preview:-1\" \/>\n<link rel=\"canonical\" href=\"https:\/\/atelier-lecrinducuir.com\/home\/elementor-5500\/\" \/>\n<meta property=\"og:locale\" content=\"fr_FR\" \/>\n<meta property=\"og:type\" content=\"article\" \/>\n<meta property=\"og:title\" content=\"L&#039;accompagnement en Saddle Fitting - Atelier l&#039;Ecrin du cuir\" \/>\n<meta property=\"og:description\" content=\"Qui suis-je&nbsp;? Marie-Pierre Elboudali, Artisan Sellier-Harnacheur depuis 2013 et Saddle Fitter passionn\u00e9. J&rsquo;ai cr\u00e9\u00e9 l\u2019Atelier l&rsquo;Ecrin du cuir \u00e0 Lespignan dans l&rsquo;H\u00e9rault. Au fil du temps, bien que les chevaux soient au c\u0153ur de mon m\u00e9tier, j&rsquo;ai pris conscience que je passais finalement peu de temps \u00e0 leurs c\u00f4t\u00e9s. En parall\u00e8le, je me suis rendu &hellip;\" \/>\n<meta property=\"og:url\" content=\"https:\/\/atelier-lecrinducuir.com\/home\/elementor-5500\/\" \/>\n<meta property=\"og:site_name\" content=\"Atelier l&#039;Ecrin du cuir\" \/>\n<meta property=\"article:modified_time\" content=\"2025-08-18T09:22:41+00:00\" \/>\n<meta property=\"og:image\" content=\"https:\/\/atelier-lecrinducuir.com\/wp-content\/uploads\/2025\/06\/Design-sans-titre-4-1536x1229-1.png\" \/>\n<meta name=\"twitter:label1\" content=\"Dur\u00e9e de lecture estim\u00e9e\" \/>\n\t<meta name=\"twitter:data1\" content=\"11 minutes\" \/>\n<script type=\"application\/ld+json\" class=\"yoast-schema-graph\">{\"@context\":\"https:\\\/\\\/schema.org\",\"@graph\":[{\"@type\":\"WebPage\",\"@id\":\"https:\\\/\\\/atelier-lecrinducuir.com\\\/home\\\/elementor-5500\\\/\",\"url\":\"https:\\\/\\\/atelier-lecrinducuir.com\\\/home\\\/elementor-5500\\\/\",\"name\":\"L'accompagnement en Saddle Fitting - Atelier l&#039;Ecrin du cuir\",\"isPartOf\":{\"@id\":\"https:\\\/\\\/atelier-lecrinducuir.com\\\/home\\\/#website\"},\"primaryImageOfPage\":{\"@id\":\"https:\\\/\\\/atelier-lecrinducuir.com\\\/home\\\/elementor-5500\\\/#primaryimage\"},\"image\":{\"@id\":\"https:\\\/\\\/atelier-lecrinducuir.com\\\/home\\\/elementor-5500\\\/#primaryimage\"},\"thumbnailUrl\":\"https:\\\/\\\/atelier-lecrinducuir.com\\\/wp-content\\\/uploads\\\/2025\\\/06\\\/Design-sans-titre-4-1536x1229-1.png\",\"datePublished\":\"2025-06-09T15:10:00+00:00\",\"dateModified\":\"2025-08-18T09:22:41+00:00\",\"inLanguage\":\"fr-FR\",\"potentialAction\":[{\"@type\":\"ReadAction\",\"target\":[\"https:\\\/\\\/atelier-lecrinducuir.com\\\/home\\\/elementor-5500\\\/\"]}]},{\"@type\":\"ImageObject\",\"inLanguage\":\"fr-FR\",\"@id\":\"https:\\\/\\\/atelier-lecrinducuir.com\\\/home\\\/elementor-5500\\\/#primaryimage\",\"url\":\"https:\\\/\\\/atelier-lecrinducuir.com\\\/wp-content\\\/uploads\\\/2025\\\/06\\\/Design-sans-titre-4-1536x1229-1.png\",\"contentUrl\":\"https:\\\/\\\/atelier-lecrinducuir.com\\\/wp-content\\\/uploads\\\/2025\\\/06\\\/Design-sans-titre-4-1536x1229-1.png\"},{\"@type\":\"WebSite\",\"@id\":\"https:\\\/\\\/atelier-lecrinducuir.com\\\/home\\\/#website\",\"url\":\"https:\\\/\\\/atelier-lecrinducuir.com\\\/home\\\/\",\"name\":\"Atelier l&#039;Ecrin du cuir\",\"description\":\"Artisan sellier-harnacheur \\\/ Ergonomie de l&#039;Equitation\",\"publisher\":{\"@id\":\"https:\\\/\\\/atelier-lecrinducuir.com\\\/home\\\/#organization\"},\"potentialAction\":[{\"@type\":\"SearchAction\",\"target\":{\"@type\":\"EntryPoint\",\"urlTemplate\":\"https:\\\/\\\/atelier-lecrinducuir.com\\\/home\\\/?s={search_term_string}\"},\"query-input\":{\"@type\":\"PropertyValueSpecification\",\"valueRequired\":true,\"valueName\":\"search_term_string\"}}],\"inLanguage\":\"fr-FR\"},{\"@type\":\"Organization\",\"@id\":\"https:\\\/\\\/atelier-lecrinducuir.com\\\/home\\\/#organization\",\"name\":\"Atelier l&#039;Ecrin du cuir\",\"url\":\"https:\\\/\\\/atelier-lecrinducuir.com\\\/home\\\/\",\"logo\":{\"@type\":\"ImageObject\",\"inLanguage\":\"fr-FR\",\"@id\":\"https:\\\/\\\/atelier-lecrinducuir.com\\\/home\\\/#\\\/schema\\\/logo\\\/image\\\/\",\"url\":\"https:\\\/\\\/atelier-lecrinducuir.com\\\/wp-content\\\/uploads\\\/2021\\\/01\\\/Sans-titre-1.png\",\"contentUrl\":\"https:\\\/\\\/atelier-lecrinducuir.com\\\/wp-content\\\/uploads\\\/2021\\\/01\\\/Sans-titre-1.png\",\"width\":1366,\"height\":768,\"caption\":\"Atelier l&#039;Ecrin du cuir\"},\"image\":{\"@id\":\"https:\\\/\\\/atelier-lecrinducuir.com\\\/home\\\/#\\\/schema\\\/logo\\\/image\\\/\"}}]}<\/script>\n<!-- \/ Yoast SEO plugin. -->","yoast_head_json":{"title":"L'accompagnement en Saddle Fitting - Atelier l&#039;Ecrin du cuir","robots":{"index":"index","follow":"follow","max-snippet":"max-snippet:-1","max-image-preview":"max-image-preview:large","max-video-preview":"max-video-preview:-1"},"canonical":"https:\/\/atelier-lecrinducuir.com\/home\/elementor-5500\/","og_locale":"fr_FR","og_type":"article","og_title":"L'accompagnement en Saddle Fitting - Atelier l&#039;Ecrin du cuir","og_description":"Qui suis-je&nbsp;? Marie-Pierre Elboudali, Artisan Sellier-Harnacheur depuis 2013 et Saddle Fitter passionn\u00e9. J&rsquo;ai cr\u00e9\u00e9 l\u2019Atelier l&rsquo;Ecrin du cuir \u00e0 Lespignan dans l&rsquo;H\u00e9rault. Au fil du temps, bien que les chevaux soient au c\u0153ur de mon m\u00e9tier, j&rsquo;ai pris conscience que je passais finalement peu de temps \u00e0 leurs c\u00f4t\u00e9s. En parall\u00e8le, je me suis rendu &hellip;","og_url":"https:\/\/atelier-lecrinducuir.com\/home\/elementor-5500\/","og_site_name":"Atelier l&#039;Ecrin du cuir","article_modified_time":"2025-08-18T09:22:41+00:00","og_image":[{"url":"https:\/\/atelier-lecrinducuir.com\/wp-content\/uploads\/2025\/06\/Design-sans-titre-4-1536x1229-1.png","type":"","width":"","height":""}],"twitter_misc":{"Dur\u00e9e de lecture estim\u00e9e":"11 minutes"},"schema":{"@context":"https:\/\/schema.org","@graph":[{"@type":"WebPage","@id":"https:\/\/atelier-lecrinducuir.com\/home\/elementor-5500\/","url":"https:\/\/atelier-lecrinducuir.com\/home\/elementor-5500\/","name":"L'accompagnement en Saddle Fitting - Atelier l&#039;Ecrin du cuir","isPartOf":{"@id":"https:\/\/atelier-lecrinducuir.com\/home\/#website"},"primaryImageOfPage":{"@id":"https:\/\/atelier-lecrinducuir.com\/home\/elementor-5500\/#primaryimage"},"image":{"@id":"https:\/\/atelier-lecrinducuir.com\/home\/elementor-5500\/#primaryimage"},"thumbnailUrl":"https:\/\/atelier-lecrinducuir.com\/wp-content\/uploads\/2025\/06\/Design-sans-titre-4-1536x1229-1.png","datePublished":"2025-06-09T15:10:00+00:00","dateModified":"2025-08-18T09:22:41+00:00","inLanguage":"fr-FR","potentialAction":[{"@type":"ReadAction","target":["https:\/\/atelier-lecrinducuir.com\/home\/elementor-5500\/"]}]},{"@type":"ImageObject","inLanguage":"fr-FR","@id":"https:\/\/atelier-lecrinducuir.com\/home\/elementor-5500\/#primaryimage","url":"https:\/\/atelier-lecrinducuir.com\/wp-content\/uploads\/2025\/06\/Design-sans-titre-4-1536x1229-1.png","contentUrl":"https:\/\/atelier-lecrinducuir.com\/wp-content\/uploads\/2025\/06\/Design-sans-titre-4-1536x1229-1.png"},{"@type":"WebSite","@id":"https:\/\/atelier-lecrinducuir.com\/home\/#website","url":"https:\/\/atelier-lecrinducuir.com\/home\/","name":"Atelier l&#039;Ecrin du cuir","description":"Artisan sellier-harnacheur \/ Ergonomie de l&#039;Equitation","publisher":{"@id":"https:\/\/atelier-lecrinducuir.com\/home\/#organization"},"potentialAction":[{"@type":"SearchAction","target":{"@type":"EntryPoint","urlTemplate":"https:\/\/atelier-lecrinducuir.com\/home\/?s={search_term_string}"},"query-input":{"@type":"PropertyValueSpecification","valueRequired":true,"valueName":"search_term_string"}}],"inLanguage":"fr-FR"},{"@type":"Organization","@id":"https:\/\/atelier-lecrinducuir.com\/home\/#organization","name":"Atelier l&#039;Ecrin du cuir","url":"https:\/\/atelier-lecrinducuir.com\/home\/","logo":{"@type":"ImageObject","inLanguage":"fr-FR","@id":"https:\/\/atelier-lecrinducuir.com\/home\/#\/schema\/logo\/image\/","url":"https:\/\/atelier-lecrinducuir.com\/wp-content\/uploads\/2021\/01\/Sans-titre-1.png","contentUrl":"https:\/\/atelier-lecrinducuir.com\/wp-content\/uploads\/2021\/01\/Sans-titre-1.png","width":1366,"height":768,"caption":"Atelier l&#039;Ecrin du cuir"},"image":{"@id":"https:\/\/atelier-lecrinducuir.com\/home\/#\/schema\/logo\/image\/"}}]}},"_links":{"self":[{"href":"https:\/\/atelier-lecrinducuir.com\/home\/wp-json\/wp\/v2\/pages\/5500","targetHints":{"allow":["GET"]}}],"collection":[{"href":"https:\/\/atelier-lecrinducuir.com\/home\/wp-json\/wp\/v2\/pages"}],"about":[{"href":"https:\/\/atelier-lecrinducuir.com\/home\/wp-json\/wp\/v2\/types\/page"}],"author":[{"embeddable":true,"href":"https:\/\/atelier-lecrinducuir.com\/home\/wp-json\/wp\/v2\/users\/1"}],"replies":[{"embeddable":true,"href":"https:\/\/atelier-lecrinducuir.com\/home\/wp-json\/wp\/v2\/comments?post=5500"}],"version-history":[{"count":65,"href":"https:\/\/atelier-lecrinducuir.com\/home\/wp-json\/wp\/v2\/pages\/5500\/revisions"}],"predecessor-version":[{"id":6157,"href":"https:\/\/atelier-lecrinducuir.com\/home\/wp-json\/wp\/v2\/pages\/5500\/revisions\/6157"}],"wp:attachment":[{"href":"https:\/\/atelier-lecrinducuir.com\/home\/wp-json\/wp\/v2\/media?parent=5500"}],"curies":[{"name":"wp","href":"https:\/\/api.w.org\/{rel}","templated":true}]}}